{"version":"1.0","provider_name":"MinutoSantaFe.ar","provider_url":"https:\/\/minutosantafe.ar","author_name":"Editor","author_url":"https:\/\/minutosantafe.ar\/author\/editor\/","title":"Alberto Fern\u00e1ndez adelant\u00f3 que pagar\u00e1n un \"IFE focalizado\" - MinutoSantaFe.ar","type":"rich","width":600,"height":338,"html":"<blockquote class=\"wp-embedded-content\" data-secret=\"ifATuRa358\"><a href=\"https:\/\/minutosantafe.ar\/alberto-fernandez-adelanto-que-pagaran-un-ife-focalizado\/\">Alberto Fern\u00e1ndez adelant\u00f3 que pagar\u00e1n un \u00abIFE focalizado\u00bb<\/a><\/blockquote><iframe sandbox=\"allow-scripts\" security=\"restricted\" src=\"https:\/\/minutosantafe.ar\/alberto-fernandez-adelanto-que-pagaran-un-ife-focalizado\/embed\/#?secret=ifATuRa358\" width=\"600\" height=\"338\" title=\"\u00abAlberto Fern\u00e1ndez adelant\u00f3 que pagar\u00e1n un \u00abIFE focalizado\u00bb\u00bb \u2014 MinutoSantaFe.ar\" data-secret=\"ifATuRa358\" frameborder=\"0\" marginwidth=\"0\" marginheight=\"0\" scrolling=\"no\" class=\"wp-embedded-content\"><\/iframe><script>\n\/*! This file is auto-generated *\/\n!function(d,l){\"use strict\";l.querySelector&&d.addEventListener&&\"undefined\"!=typeof URL&&(d.wp=d.wp||{},d.wp.receiveEmbedMessage||(d.wp.receiveEmbedMessage=function(e){var t=e.data;if((t||t.secret||t.message||t.value)&&!\/[^a-zA-Z0-9]\/.test(t.secret)){for(var s,r,n,a=l.querySelectorAll('iframe[data-secret=\"'+t.secret+'\"]'),o=l.querySelectorAll('blockquote[data-secret=\"'+t.secret+'\"]'),c=new RegExp(\"^https?:$\",\"i\"),i=0;i<o.length;i++)o[i].style.display=\"none\";for(i=0;i<a.length;i++)s=a[i],e.source===s.contentWindow&&(s.removeAttribute(\"style\"),\"height\"===t.message?(1e3<(r=parseInt(t.value,10))?r=1e3:~~r<200&&(r=200),s.height=r):\"link\"===t.message&&(r=new URL(s.getAttribute(\"src\")),n=new URL(t.value),c.test(n.protocol))&&n.host===r.host&&l.activeElement===s&&(d.top.location.href=t.value))}},d.addEventListener(\"message\",d.wp.receiveEmbedMessage,!1),l.addEventListener(\"DOMContentLoaded\",function(){for(var e,t,s=l.querySelectorAll(\"iframe.wp-embedded-content\"),r=0;r<s.length;r++)(t=(e=s[r]).getAttribute(\"data-secret\"))||(t=Math.random().toString(36).substring(2,12),e.src+=\"#?secret=\"+t,e.setAttribute(\"data-secret\",t)),e.contentWindow.postMessage({message:\"ready\",secret:t},\"*\")},!1)))}(window,document);\n\/\/# sourceURL=https:\/\/minutosantafe.ar\/%77%70%2d%69%6e%63%6c%75%64%65%73\/js\/wp-embed.min.js\n<\/script>\n","description":"El presidente explic\u00f3 se pagar\u00e1 a los sectores m\u00e1s vulnerables y adelant\u00f3 c\u00f3mo lo har\u00e1n. El presidente\u00a0Alberto Fern\u00e1ndez\u00a0sostuvo que se pagar\u00e1 un\u00a0Ingreso Familiar de Emergencia (IFE)\u00a0en diciembre que\u00a0ser\u00e1 focalizado para los sectores m\u00e1s vulnerables. Adem\u00e1s no descart\u00f3 implementar una moratoria previsional para que las personas que no tengan ingresos en...","thumbnail_url":"https:\/\/minutosantafe.ar\/%77%70%2d%63%6f%6e%74%65%6e%74\/uploads\/2020\/08\/minutologuin.png","thumbnail_width":514,"thumbnail_height":429}