{"version":"1.0","provider_name":"MinutoSantaFe.ar","provider_url":"https:\/\/minutosantafe.ar","author_name":"Editor","author_url":"https:\/\/minutosantafe.ar\/author\/editor\/","title":"Alberto Fern\u00e1ndez visitar\u00e1 la Base Marambio en la Ant\u00e1rtida - MinutoSantaFe.ar","type":"rich","width":600,"height":338,"html":"<blockquote class=\"wp-embedded-content\" data-secret=\"sOyAFqZ3H9\"><a href=\"https:\/\/minutosantafe.ar\/alberto-fernandez-visitara-la-base-marambio-en-la-antartida\/\">Alberto Fern\u00e1ndez visitar\u00e1 la Base Marambio en la Ant\u00e1rtida<\/a><\/blockquote><iframe sandbox=\"allow-scripts\" security=\"restricted\" src=\"https:\/\/minutosantafe.ar\/alberto-fernandez-visitara-la-base-marambio-en-la-antartida\/embed\/#?secret=sOyAFqZ3H9\" width=\"600\" height=\"338\" title=\"\u00abAlberto Fern\u00e1ndez visitar\u00e1 la Base Marambio en la Ant\u00e1rtida\u00bb \u2014 MinutoSantaFe.ar\" data-secret=\"sOyAFqZ3H9\" frameborder=\"0\" marginwidth=\"0\" marginheight=\"0\" scrolling=\"no\" class=\"wp-embedded-content\"><\/iframe><script>\n\/*! This file is auto-generated *\/\n!function(d,l){\"use strict\";l.querySelector&&d.addEventListener&&\"undefined\"!=typeof URL&&(d.wp=d.wp||{},d.wp.receiveEmbedMessage||(d.wp.receiveEmbedMessage=function(e){var t=e.data;if((t||t.secret||t.message||t.value)&&!\/[^a-zA-Z0-9]\/.test(t.secret)){for(var s,r,n,a=l.querySelectorAll('iframe[data-secret=\"'+t.secret+'\"]'),o=l.querySelectorAll('blockquote[data-secret=\"'+t.secret+'\"]'),c=new RegExp(\"^https?:$\",\"i\"),i=0;i<o.length;i++)o[i].style.display=\"none\";for(i=0;i<a.length;i++)s=a[i],e.source===s.contentWindow&&(s.removeAttribute(\"style\"),\"height\"===t.message?(1e3<(r=parseInt(t.value,10))?r=1e3:~~r<200&&(r=200),s.height=r):\"link\"===t.message&&(r=new URL(s.getAttribute(\"src\")),n=new URL(t.value),c.test(n.protocol))&&n.host===r.host&&l.activeElement===s&&(d.top.location.href=t.value))}},d.addEventListener(\"message\",d.wp.receiveEmbedMessage,!1),l.addEventListener(\"DOMContentLoaded\",function(){for(var e,t,s=l.querySelectorAll(\"iframe.wp-embedded-content\"),r=0;r<s.length;r++)(t=(e=s[r]).getAttribute(\"data-secret\"))||(t=Math.random().toString(36).substring(2,12),e.src+=\"#?secret=\"+t,e.setAttribute(\"data-secret\",t)),e.contentWindow.postMessage({message:\"ready\",secret:t},\"*\")},!1)))}(window,document);\n\/\/# sourceURL=https:\/\/minutosantafe.ar\/%77%70%2d%69%6e%63%6c%75%64%65%73\/js\/wp-embed.min.js\n<\/script>\n","thumbnail_url":"https:\/\/i0.wp.com\/minutosantafe.ar\/wp-content\/uploads\/2023\/02\/base-marambiojpg.webp?fit=610%2C381&ssl=1","thumbnail_width":610,"thumbnail_height":381,"description":"El presidente Alberto Fern\u00e1ndez se convertir\u00e1 en el cuarto jefe de Estado en visitar la Ant\u00e1rtida. El presidente\u00a0Alberto Fern\u00e1ndez\u00a0visitar\u00e1 el pr\u00f3ximo mi\u00e9rcoles la\u00a0base cient\u00edfico militar Marambio, en la Ant\u00e1rtida, en lo que constituir\u00e1 la cuarta visita de un jefe de Estado al continente blanco y que\u00a0tiene el objetivo soberano de..."}