{"version":"1.0","provider_name":"MinutoSantaFe.ar","provider_url":"https:\/\/minutosantafe.ar","author_name":"Editor","author_url":"https:\/\/minutosantafe.ar\/author\/editor\/","title":"Alquileres: prev\u00e9n fuertes subas tras el descongelamiento de abril - MinutoSantaFe.ar","type":"rich","width":600,"height":338,"html":"<blockquote class=\"wp-embedded-content\" data-secret=\"ZfLlTNqQU8\"><a href=\"https:\/\/minutosantafe.ar\/alquileres-preven-fuertes-subas-tras-el-descongelamiento-de-abril\/\">Alquileres: prev\u00e9n fuertes subas tras el descongelamiento de abril<\/a><\/blockquote><iframe sandbox=\"allow-scripts\" security=\"restricted\" src=\"https:\/\/minutosantafe.ar\/alquileres-preven-fuertes-subas-tras-el-descongelamiento-de-abril\/embed\/#?secret=ZfLlTNqQU8\" width=\"600\" height=\"338\" title=\"\u00abAlquileres: prev\u00e9n fuertes subas tras el descongelamiento de abril\u00bb \u2014 MinutoSantaFe.ar\" data-secret=\"ZfLlTNqQU8\" frameborder=\"0\" marginwidth=\"0\" marginheight=\"0\" scrolling=\"no\" class=\"wp-embedded-content\"><\/iframe><script>\n\/*! This file is auto-generated *\/\n!function(d,l){\"use strict\";l.querySelector&&d.addEventListener&&\"undefined\"!=typeof URL&&(d.wp=d.wp||{},d.wp.receiveEmbedMessage||(d.wp.receiveEmbedMessage=function(e){var t=e.data;if((t||t.secret||t.message||t.value)&&!\/[^a-zA-Z0-9]\/.test(t.secret)){for(var s,r,n,a=l.querySelectorAll('iframe[data-secret=\"'+t.secret+'\"]'),o=l.querySelectorAll('blockquote[data-secret=\"'+t.secret+'\"]'),c=new RegExp(\"^https?:$\",\"i\"),i=0;i<o.length;i++)o[i].style.display=\"none\";for(i=0;i<a.length;i++)s=a[i],e.source===s.contentWindow&&(s.removeAttribute(\"style\"),\"height\"===t.message?(1e3<(r=parseInt(t.value,10))?r=1e3:~~r<200&&(r=200),s.height=r):\"link\"===t.message&&(r=new URL(s.getAttribute(\"src\")),n=new URL(t.value),c.test(n.protocol))&&n.host===r.host&&l.activeElement===s&&(d.top.location.href=t.value))}},d.addEventListener(\"message\",d.wp.receiveEmbedMessage,!1),l.addEventListener(\"DOMContentLoaded\",function(){for(var e,t,s=l.querySelectorAll(\"iframe.wp-embedded-content\"),r=0;r<s.length;r++)(t=(e=s[r]).getAttribute(\"data-secret\"))||(t=Math.random().toString(36).substring(2,12),e.src+=\"#?secret=\"+t,e.setAttribute(\"data-secret\",t)),e.contentWindow.postMessage({message:\"ready\",secret:t},\"*\")},!1)))}(window,document);\n\/\/# sourceURL=https:\/\/minutosantafe.ar\/%77%70%2d%69%6e%63%6c%75%64%65%73\/js\/wp-embed.min.js\n<\/script>\n","thumbnail_url":"https:\/\/i0.wp.com\/minutosantafe.ar\/wp-content\/uploads\/2021\/03\/D_NQ_NP_706384-MLA27696542459_072018-O.jpg?fit=500%2C295&ssl=1","thumbnail_width":500,"thumbnail_height":295,"description":"Despu\u00e9s de dos pr\u00f3rrogas de la medida tomada por los problemas econ\u00f3micos generados por la pandemia, al comenzar el pr\u00f3ximo mes, los valores de los contratos de alquileres podr\u00e1n tener incrementos. Tambi\u00e9n cambiar\u00e1 el tiempo de duraci\u00f3n, que ahora ser\u00e1 de tres a\u00f1os, por entrar plenamente en vigencia la nueva..."}