{"version":"1.0","provider_name":"MinutoSantaFe.ar","provider_url":"https:\/\/minutosantafe.ar","author_name":"Editor","author_url":"https:\/\/minutosantafe.ar\/author\/editor\/","title":"Apareci\u00f3 despu\u00e9s de 10 d\u00edas de estruendoso silencio - MinutoSantaFe.ar","type":"rich","width":600,"height":338,"html":"<blockquote class=\"wp-embedded-content\" data-secret=\"8MigoSAkD5\"><a href=\"https:\/\/minutosantafe.ar\/aparecio-despues-de-10-dias-de-estruendoso-silencio\/\">Apareci\u00f3 despu\u00e9s de 10 d\u00edas de estruendoso silencio<\/a><\/blockquote><iframe sandbox=\"allow-scripts\" security=\"restricted\" src=\"https:\/\/minutosantafe.ar\/aparecio-despues-de-10-dias-de-estruendoso-silencio\/embed\/#?secret=8MigoSAkD5\" width=\"600\" height=\"338\" title=\"\u00abApareci\u00f3 despu\u00e9s de 10 d\u00edas de estruendoso silencio\u00bb \u2014 MinutoSantaFe.ar\" data-secret=\"8MigoSAkD5\" frameborder=\"0\" marginwidth=\"0\" marginheight=\"0\" scrolling=\"no\" class=\"wp-embedded-content\"><\/iframe><script type=\"text\/javascript\">\n\/* <![CDATA[ *\/\n\/*! This file is auto-generated *\/\n!function(d,l){\"use strict\";l.querySelector&&d.addEventListener&&\"undefined\"!=typeof URL&&(d.wp=d.wp||{},d.wp.receiveEmbedMessage||(d.wp.receiveEmbedMessage=function(e){var t=e.data;if((t||t.secret||t.message||t.value)&&!\/[^a-zA-Z0-9]\/.test(t.secret)){for(var s,r,n,a=l.querySelectorAll('iframe[data-secret=\"'+t.secret+'\"]'),o=l.querySelectorAll('blockquote[data-secret=\"'+t.secret+'\"]'),c=new RegExp(\"^https?:$\",\"i\"),i=0;i<o.length;i++)o[i].style.display=\"none\";for(i=0;i<a.length;i++)s=a[i],e.source===s.contentWindow&&(s.removeAttribute(\"style\"),\"height\"===t.message?(1e3<(r=parseInt(t.value,10))?r=1e3:~~r<200&&(r=200),s.height=r):\"link\"===t.message&&(r=new URL(s.getAttribute(\"src\")),n=new URL(t.value),c.test(n.protocol))&&n.host===r.host&&l.activeElement===s&&(d.top.location.href=t.value))}},d.addEventListener(\"message\",d.wp.receiveEmbedMessage,!1),l.addEventListener(\"DOMContentLoaded\",function(){for(var e,t,s=l.querySelectorAll(\"iframe.wp-embedded-content\"),r=0;r<s.length;r++)(t=(e=s[r]).getAttribute(\"data-secret\"))||(t=Math.random().toString(36).substring(2,12),e.src+=\"#?secret=\"+t,e.setAttribute(\"data-secret\",t)),e.contentWindow.postMessage({message:\"ready\",secret:t},\"*\")},!1)))}(window,document);\n\/\/# sourceURL=https:\/\/minutosantafe.ar\/%77%70%2d%69%6e%63%6c%75%64%65%73\/js\/wp-embed.min.js\n\/* ]]> *\/\n<\/script>\n","thumbnail_url":"https:\/\/i0.wp.com\/minutosantafe.ar\/wp-content\/uploads\/2022\/01\/302822-whatsapp-20image-202022-01-06-20at-2021-35-35.jpeg?fit=960%2C640&ssl=1","thumbnail_width":960,"thumbnail_height":640,"description":"Mar\u00eda Eugenia Vidal intent\u00f3 negar la \u00abGestapo\u00bb macrista pero ni siquiera consigui\u00f3 explicar la presencia de los esp\u00edas de la AFI Despu\u00e9s de un largo silencio, la exgobernadora se refiri\u00f3 por primera vez al video que muestra c\u00f3mo se armaban causas contra gremialistas y pol\u00edticos opositores, en el que su..."}