{"version":"1.0","provider_name":"MinutoSantaFe.ar","provider_url":"https:\/\/minutosantafe.ar","author_name":"Editor","author_url":"https:\/\/minutosantafe.ar\/author\/editor\/","title":"Crimen de Iv\u00e1n: el \u00fanico imputado qued\u00f3 en libertad - MinutoSantaFe.ar","type":"rich","width":600,"height":338,"html":"<blockquote class=\"wp-embedded-content\" data-secret=\"u0YtySItWl\"><a href=\"https:\/\/minutosantafe.ar\/crimen-de-ivan-el-unico-imputado-quedo-en-libertad\/\">Crimen de Iv\u00e1n: el \u00fanico imputado qued\u00f3 en libertad<\/a><\/blockquote><iframe sandbox=\"allow-scripts\" security=\"restricted\" src=\"https:\/\/minutosantafe.ar\/crimen-de-ivan-el-unico-imputado-quedo-en-libertad\/embed\/#?secret=u0YtySItWl\" width=\"600\" height=\"338\" title=\"\u00abCrimen de Iv\u00e1n: el \u00fanico imputado qued\u00f3 en libertad\u00bb \u2014 MinutoSantaFe.ar\" data-secret=\"u0YtySItWl\" frameborder=\"0\" marginwidth=\"0\" marginheight=\"0\" scrolling=\"no\" class=\"wp-embedded-content\"><\/iframe><script type=\"text\/javascript\">\n\/* <![CDATA[ *\/\n\/*! This file is auto-generated *\/\n!function(d,l){\"use strict\";l.querySelector&&d.addEventListener&&\"undefined\"!=typeof URL&&(d.wp=d.wp||{},d.wp.receiveEmbedMessage||(d.wp.receiveEmbedMessage=function(e){var t=e.data;if((t||t.secret||t.message||t.value)&&!\/[^a-zA-Z0-9]\/.test(t.secret)){for(var s,r,n,a=l.querySelectorAll('iframe[data-secret=\"'+t.secret+'\"]'),o=l.querySelectorAll('blockquote[data-secret=\"'+t.secret+'\"]'),c=new RegExp(\"^https?:$\",\"i\"),i=0;i<o.length;i++)o[i].style.display=\"none\";for(i=0;i<a.length;i++)s=a[i],e.source===s.contentWindow&&(s.removeAttribute(\"style\"),\"height\"===t.message?(1e3<(r=parseInt(t.value,10))?r=1e3:~~r<200&&(r=200),s.height=r):\"link\"===t.message&&(r=new URL(s.getAttribute(\"src\")),n=new URL(t.value),c.test(n.protocol))&&n.host===r.host&&l.activeElement===s&&(d.top.location.href=t.value))}},d.addEventListener(\"message\",d.wp.receiveEmbedMessage,!1),l.addEventListener(\"DOMContentLoaded\",function(){for(var e,t,s=l.querySelectorAll(\"iframe.wp-embedded-content\"),r=0;r<s.length;r++)(t=(e=s[r]).getAttribute(\"data-secret\"))||(t=Math.random().toString(36).substring(2,12),e.src+=\"#?secret=\"+t,e.setAttribute(\"data-secret\",t)),e.contentWindow.postMessage({message:\"ready\",secret:t},\"*\")},!1)))}(window,document);\n\/\/# sourceURL=https:\/\/minutosantafe.ar\/%77%70%2d%69%6e%63%6c%75%64%65%73\/js\/wp-embed.min.js\n\/* ]]> *\/\n<\/script>\n","thumbnail_url":"https:\/\/i0.wp.com\/minutosantafe.ar\/wp-content\/uploads\/2022\/02\/720-17.webp?fit=1280%2C720&ssl=1","thumbnail_width":1280,"thumbnail_height":720,"description":"El joven de 21 a\u00f1os identificado como A.L.P neg\u00f3 los cargos y deber\u00e1 pagar una cauci\u00f3n de 100 mil pesos, entre otras medidas. El juez eval\u00faa la posibilidad de una \u00ableg\u00edtima defensa\u00bb. La Justicia imput\u00f3 este mi\u00e9rcoles por el delito de \u00abhomicidio simple en calidad de autor\u00bb al joven acusado..."}