{"version":"1.0","provider_name":"MinutoSantaFe.ar","provider_url":"https:\/\/minutosantafe.ar","author_name":"Editor","author_url":"https:\/\/minutosantafe.ar\/author\/editor\/","title":"Deudores de cr\u00e9ditos UVA no podr\u00e1n comprar d\u00f3lar ahorro - MinutoSantaFe.ar","type":"rich","width":600,"height":338,"html":"<blockquote class=\"wp-embedded-content\" data-secret=\"TaCayqZzXq\"><a href=\"https:\/\/minutosantafe.ar\/deudores-de-creditos-uva-no-podran-comprar-dolar-ahorro\/\">Deudores de cr\u00e9ditos UVA no podr\u00e1n comprar d\u00f3lar ahorro<\/a><\/blockquote><iframe sandbox=\"allow-scripts\" security=\"restricted\" src=\"https:\/\/minutosantafe.ar\/deudores-de-creditos-uva-no-podran-comprar-dolar-ahorro\/embed\/#?secret=TaCayqZzXq\" width=\"600\" height=\"338\" title=\"\u00abDeudores de cr\u00e9ditos UVA no podr\u00e1n comprar d\u00f3lar ahorro\u00bb \u2014 MinutoSantaFe.ar\" data-secret=\"TaCayqZzXq\" frameborder=\"0\" marginwidth=\"0\" marginheight=\"0\" scrolling=\"no\" class=\"wp-embedded-content\"><\/iframe><script>\n\/*! This file is auto-generated *\/\n!function(d,l){\"use strict\";l.querySelector&&d.addEventListener&&\"undefined\"!=typeof URL&&(d.wp=d.wp||{},d.wp.receiveEmbedMessage||(d.wp.receiveEmbedMessage=function(e){var t=e.data;if((t||t.secret||t.message||t.value)&&!\/[^a-zA-Z0-9]\/.test(t.secret)){for(var s,r,n,a=l.querySelectorAll('iframe[data-secret=\"'+t.secret+'\"]'),o=l.querySelectorAll('blockquote[data-secret=\"'+t.secret+'\"]'),c=new RegExp(\"^https?:$\",\"i\"),i=0;i<o.length;i++)o[i].style.display=\"none\";for(i=0;i<a.length;i++)s=a[i],e.source===s.contentWindow&&(s.removeAttribute(\"style\"),\"height\"===t.message?(1e3<(r=parseInt(t.value,10))?r=1e3:~~r<200&&(r=200),s.height=r):\"link\"===t.message&&(r=new URL(s.getAttribute(\"src\")),n=new URL(t.value),c.test(n.protocol))&&n.host===r.host&&l.activeElement===s&&(d.top.location.href=t.value))}},d.addEventListener(\"message\",d.wp.receiveEmbedMessage,!1),l.addEventListener(\"DOMContentLoaded\",function(){for(var e,t,s=l.querySelectorAll(\"iframe.wp-embedded-content\"),r=0;r<s.length;r++)(t=(e=s[r]).getAttribute(\"data-secret\"))||(t=Math.random().toString(36).substring(2,12),e.src+=\"#?secret=\"+t,e.setAttribute(\"data-secret\",t)),e.contentWindow.postMessage({message:\"ready\",secret:t},\"*\")},!1)))}(window,document);\n\/\/# sourceURL=https:\/\/minutosantafe.ar\/%77%70%2d%69%6e%63%6c%75%64%65%73\/js\/wp-embed.min.js\n<\/script>\n","thumbnail_url":"https:\/\/i0.wp.com\/minutosantafe.ar\/wp-content\/uploads\/2020\/09\/0037998550-1.jpg?fit=1140%2C640&ssl=1","thumbnail_width":1140,"thumbnail_height":640,"description":"Nuevas restricciones cambiarias rigen para las personas f\u00edsicas que tienen las cuotas congeladas. As\u00ed lo dispuso el Banco Central. En el marco de los anuncios por las restricciones cambiaria, el\u00a0Banco Central\u00a0anunci\u00f3 que al menos hasta nuevo aviso quienes obtuvieron un\u00a0cr\u00e9dito hipotecario en Unidades de Valor Adquisitivo (UVA)\u00a0no podr\u00e1n acceder al\u00a0d\u00f3lar\u00a0ahorro...."}