{"version":"1.0","provider_name":"MinutoSantaFe.ar","provider_url":"https:\/\/minutosantafe.ar","author_name":"Editor","author_url":"https:\/\/minutosantafe.ar\/author\/editor\/","title":"D\u00eda del amigo postergado: c\u00f3mo funcionar\u00e1n bares y restaurantes - MinutoSantaFe.ar","type":"rich","width":600,"height":338,"html":"<blockquote class=\"wp-embedded-content\" data-secret=\"3rQ94sQdiG\"><a href=\"https:\/\/minutosantafe.ar\/dia-del-amigo-postergado-como-funcionaran-bares-y-restaurantes\/\">D\u00eda del amigo postergado: c\u00f3mo funcionar\u00e1n bares y restaurantes<\/a><\/blockquote><iframe sandbox=\"allow-scripts\" security=\"restricted\" src=\"https:\/\/minutosantafe.ar\/dia-del-amigo-postergado-como-funcionaran-bares-y-restaurantes\/embed\/#?secret=3rQ94sQdiG\" width=\"600\" height=\"338\" title=\"\u00abD\u00eda del amigo postergado: c\u00f3mo funcionar\u00e1n bares y restaurantes\u00bb \u2014 MinutoSantaFe.ar\" data-secret=\"3rQ94sQdiG\" frameborder=\"0\" marginwidth=\"0\" marginheight=\"0\" scrolling=\"no\" class=\"wp-embedded-content\"><\/iframe><script type=\"text\/javascript\">\n\/* <![CDATA[ *\/\n\/*! This file is auto-generated *\/\n!function(d,l){\"use strict\";l.querySelector&&d.addEventListener&&\"undefined\"!=typeof URL&&(d.wp=d.wp||{},d.wp.receiveEmbedMessage||(d.wp.receiveEmbedMessage=function(e){var t=e.data;if((t||t.secret||t.message||t.value)&&!\/[^a-zA-Z0-9]\/.test(t.secret)){for(var s,r,n,a=l.querySelectorAll('iframe[data-secret=\"'+t.secret+'\"]'),o=l.querySelectorAll('blockquote[data-secret=\"'+t.secret+'\"]'),c=new RegExp(\"^https?:$\",\"i\"),i=0;i<o.length;i++)o[i].style.display=\"none\";for(i=0;i<a.length;i++)s=a[i],e.source===s.contentWindow&&(s.removeAttribute(\"style\"),\"height\"===t.message?(1e3<(r=parseInt(t.value,10))?r=1e3:~~r<200&&(r=200),s.height=r):\"link\"===t.message&&(r=new URL(s.getAttribute(\"src\")),n=new URL(t.value),c.test(n.protocol))&&n.host===r.host&&l.activeElement===s&&(d.top.location.href=t.value))}},d.addEventListener(\"message\",d.wp.receiveEmbedMessage,!1),l.addEventListener(\"DOMContentLoaded\",function(){for(var e,t,s=l.querySelectorAll(\"iframe.wp-embedded-content\"),r=0;r<s.length;r++)(t=(e=s[r]).getAttribute(\"data-secret\"))||(t=Math.random().toString(36).substring(2,12),e.src+=\"#?secret=\"+t,e.setAttribute(\"data-secret\",t)),e.contentWindow.postMessage({message:\"ready\",secret:t},\"*\")},!1)))}(window,document);\n\/\/# sourceURL=https:\/\/minutosantafe.ar\/%77%70%2d%69%6e%63%6c%75%64%65%73\/js\/wp-embed.min.js\n\/* ]]> *\/\n<\/script>\n","thumbnail_url":"https:\/\/i0.wp.com\/minutosantafe.ar\/wp-content\/uploads\/2020\/07\/diaamigo.jpg_501420591.jpg?fit=772%2C435&ssl=1","thumbnail_width":772,"thumbnail_height":435,"description":"Ante la\u00a0decisi\u00f3n del municipio de posponer los festejos por el D\u00eda del amigo\u00a0con el objetivo de disminuir la circulaci\u00f3n de personas y, de este modo,\u00a0la posibilidad de contagio, desde el sector gastron\u00f3mico explicaron que el pr\u00f3ximo lunes ser\u00e1 \u00abun d\u00eda de trabajo normal\u00bb y que no se alentar\u00e1n los festejos..."}