{"version":"1.0","provider_name":"MinutoSantaFe.ar","provider_url":"https:\/\/minutosantafe.ar","author_name":"Editor","author_url":"https:\/\/minutosantafe.ar\/author\/editor\/","title":"D\u00f3lar: Caputo confirm\u00f3 si habr\u00e1 una nueva devaluaci\u00f3n - MinutoSantaFe.ar","type":"rich","width":600,"height":338,"html":"<blockquote class=\"wp-embedded-content\" data-secret=\"gGUuMfrBoj\"><a href=\"https:\/\/minutosantafe.ar\/dolar-caputo-confirmo-si-habra-una-nueva-devaluacion\/\">D\u00f3lar: Caputo confirm\u00f3 si habr\u00e1 una nueva devaluaci\u00f3n<\/a><\/blockquote><iframe sandbox=\"allow-scripts\" security=\"restricted\" src=\"https:\/\/minutosantafe.ar\/dolar-caputo-confirmo-si-habra-una-nueva-devaluacion\/embed\/#?secret=gGUuMfrBoj\" width=\"600\" height=\"338\" title=\"\u00abD\u00f3lar: Caputo confirm\u00f3 si habr\u00e1 una nueva devaluaci\u00f3n\u00bb \u2014 MinutoSantaFe.ar\" data-secret=\"gGUuMfrBoj\" frameborder=\"0\" marginwidth=\"0\" marginheight=\"0\" scrolling=\"no\" class=\"wp-embedded-content\"><\/iframe><script type=\"text\/javascript\">\n\/* <![CDATA[ *\/\n\/*! This file is auto-generated *\/\n!function(d,l){\"use strict\";l.querySelector&&d.addEventListener&&\"undefined\"!=typeof URL&&(d.wp=d.wp||{},d.wp.receiveEmbedMessage||(d.wp.receiveEmbedMessage=function(e){var t=e.data;if((t||t.secret||t.message||t.value)&&!\/[^a-zA-Z0-9]\/.test(t.secret)){for(var s,r,n,a=l.querySelectorAll('iframe[data-secret=\"'+t.secret+'\"]'),o=l.querySelectorAll('blockquote[data-secret=\"'+t.secret+'\"]'),c=new RegExp(\"^https?:$\",\"i\"),i=0;i<o.length;i++)o[i].style.display=\"none\";for(i=0;i<a.length;i++)s=a[i],e.source===s.contentWindow&&(s.removeAttribute(\"style\"),\"height\"===t.message?(1e3<(r=parseInt(t.value,10))?r=1e3:~~r<200&&(r=200),s.height=r):\"link\"===t.message&&(r=new URL(s.getAttribute(\"src\")),n=new URL(t.value),c.test(n.protocol))&&n.host===r.host&&l.activeElement===s&&(d.top.location.href=t.value))}},d.addEventListener(\"message\",d.wp.receiveEmbedMessage,!1),l.addEventListener(\"DOMContentLoaded\",function(){for(var e,t,s=l.querySelectorAll(\"iframe.wp-embedded-content\"),r=0;r<s.length;r++)(t=(e=s[r]).getAttribute(\"data-secret\"))||(t=Math.random().toString(36).substring(2,12),e.src+=\"#?secret=\"+t,e.setAttribute(\"data-secret\",t)),e.contentWindow.postMessage({message:\"ready\",secret:t},\"*\")},!1)))}(window,document);\n\/\/# sourceURL=https:\/\/minutosantafe.ar\/%77%70%2d%69%6e%63%6c%75%64%65%73\/js\/wp-embed.min.js\n\/* ]]> *\/\n<\/script>\n","thumbnail_url":"https:\/\/minutosantafe.ar\/wp-content\/uploads\/2024\/06\/luis_caputo.jpg","thumbnail_width":720,"thumbnail_height":405,"description":"El ministro de Econom\u00eda se refiri\u00f3 en las redes al tipo de cambio, en medio de los pedidos del FMI de eliminaci\u00f3n del cepo cambiario.\u00a0 El ministro de Econom\u00eda,\u00a0Luis Caputo,\u00a0public\u00f3 un posteo en redes sociales sobre el futuro del tipo de cambio en medio de la expectativa por una nueva..."}