{"version":"1.0","provider_name":"MinutoSantaFe.ar","provider_url":"https:\/\/minutosantafe.ar","author_name":"Editor","author_url":"https:\/\/minutosantafe.ar\/author\/editor\/","title":"El Chamam\u00e9 fue declarado Patrimonio Cultural Inmaterial - MinutoSantaFe.ar","type":"rich","width":600,"height":338,"html":"<blockquote class=\"wp-embedded-content\" data-secret=\"SSVWWFu9jp\"><a href=\"https:\/\/minutosantafe.ar\/el-chamame-fue-declarado-patrimonio-cultural-inmaterial\/\">El Chamam\u00e9 fue declarado Patrimonio Cultural Inmaterial<\/a><\/blockquote><iframe sandbox=\"allow-scripts\" security=\"restricted\" src=\"https:\/\/minutosantafe.ar\/el-chamame-fue-declarado-patrimonio-cultural-inmaterial\/embed\/#?secret=SSVWWFu9jp\" width=\"600\" height=\"338\" title=\"\u00abEl Chamam\u00e9 fue declarado Patrimonio Cultural Inmaterial\u00bb \u2014 MinutoSantaFe.ar\" data-secret=\"SSVWWFu9jp\" frameborder=\"0\" marginwidth=\"0\" marginheight=\"0\" scrolling=\"no\" class=\"wp-embedded-content\"><\/iframe><script type=\"text\/javascript\">\n\/* <![CDATA[ *\/\n\/*! This file is auto-generated *\/\n!function(d,l){\"use strict\";l.querySelector&&d.addEventListener&&\"undefined\"!=typeof URL&&(d.wp=d.wp||{},d.wp.receiveEmbedMessage||(d.wp.receiveEmbedMessage=function(e){var t=e.data;if((t||t.secret||t.message||t.value)&&!\/[^a-zA-Z0-9]\/.test(t.secret)){for(var s,r,n,a=l.querySelectorAll('iframe[data-secret=\"'+t.secret+'\"]'),o=l.querySelectorAll('blockquote[data-secret=\"'+t.secret+'\"]'),c=new RegExp(\"^https?:$\",\"i\"),i=0;i<o.length;i++)o[i].style.display=\"none\";for(i=0;i<a.length;i++)s=a[i],e.source===s.contentWindow&&(s.removeAttribute(\"style\"),\"height\"===t.message?(1e3<(r=parseInt(t.value,10))?r=1e3:~~r<200&&(r=200),s.height=r):\"link\"===t.message&&(r=new URL(s.getAttribute(\"src\")),n=new URL(t.value),c.test(n.protocol))&&n.host===r.host&&l.activeElement===s&&(d.top.location.href=t.value))}},d.addEventListener(\"message\",d.wp.receiveEmbedMessage,!1),l.addEventListener(\"DOMContentLoaded\",function(){for(var e,t,s=l.querySelectorAll(\"iframe.wp-embedded-content\"),r=0;r<s.length;r++)(t=(e=s[r]).getAttribute(\"data-secret\"))||(t=Math.random().toString(36).substring(2,12),e.src+=\"#?secret=\"+t,e.setAttribute(\"data-secret\",t)),e.contentWindow.postMessage({message:\"ready\",secret:t},\"*\")},!1)))}(window,document);\n\/\/# sourceURL=https:\/\/minutosantafe.ar\/%77%70%2d%69%6e%63%6c%75%64%65%73\/js\/wp-embed.min.js\n\/* ]]> *\/\n<\/script>\n","thumbnail_url":"https:\/\/i0.wp.com\/minutosantafe.ar\/wp-content\/uploads\/2020\/12\/Chamame-Patrimonio-inmaterial-16165281117_c25bab697b_c_EQss8Pd-1.jpg?fit=800%2C530&ssl=1","thumbnail_width":800,"thumbnail_height":530,"description":"La distinci\u00f3n fue confirmada en el 15\u00b0 Comit\u00e9 Intergubernamental para la Salvaguardia del Patrimonio Cultural Inmaterial de la Unesco. Autoridades nacionales celebraron la decisi\u00f3n. El 15\u00b0 Comit\u00e9 Intergubernamental para la Salvaguardia del Patrimonio Cultural Inmaterial (PCI), que funciona en la \u00f3rbita de la Organizaci\u00f3n de Naciones Unidas para la Educaci\u00f3n,..."}