{"version":"1.0","provider_name":"MinutoSantaFe.ar","provider_url":"https:\/\/minutosantafe.ar","author_name":"Editor","author_url":"https:\/\/minutosantafe.ar\/author\/editor\/","title":"El jefe de Gabinete sali\u00f3 a aclarar y oscureci\u00f3 - MinutoSantaFe.ar","type":"rich","width":600,"height":338,"html":"<blockquote class=\"wp-embedded-content\" data-secret=\"z1gSjyTWRG\"><a href=\"https:\/\/minutosantafe.ar\/el-jefe-de-gabinete-salio-a-aclarar-y-oscurecio\/\">El jefe de Gabinete sali\u00f3 a aclarar y oscureci\u00f3<\/a><\/blockquote><iframe sandbox=\"allow-scripts\" security=\"restricted\" src=\"https:\/\/minutosantafe.ar\/el-jefe-de-gabinete-salio-a-aclarar-y-oscurecio\/embed\/#?secret=z1gSjyTWRG\" width=\"600\" height=\"338\" title=\"\u00abEl jefe de Gabinete sali\u00f3 a aclarar y oscureci\u00f3\u00bb \u2014 MinutoSantaFe.ar\" data-secret=\"z1gSjyTWRG\" frameborder=\"0\" marginwidth=\"0\" marginheight=\"0\" scrolling=\"no\" class=\"wp-embedded-content\"><\/iframe><script>\n\/*! This file is auto-generated *\/\n!function(d,l){\"use strict\";l.querySelector&&d.addEventListener&&\"undefined\"!=typeof URL&&(d.wp=d.wp||{},d.wp.receiveEmbedMessage||(d.wp.receiveEmbedMessage=function(e){var t=e.data;if((t||t.secret||t.message||t.value)&&!\/[^a-zA-Z0-9]\/.test(t.secret)){for(var s,r,n,a=l.querySelectorAll('iframe[data-secret=\"'+t.secret+'\"]'),o=l.querySelectorAll('blockquote[data-secret=\"'+t.secret+'\"]'),c=new RegExp(\"^https?:$\",\"i\"),i=0;i<o.length;i++)o[i].style.display=\"none\";for(i=0;i<a.length;i++)s=a[i],e.source===s.contentWindow&&(s.removeAttribute(\"style\"),\"height\"===t.message?(1e3<(r=parseInt(t.value,10))?r=1e3:~~r<200&&(r=200),s.height=r):\"link\"===t.message&&(r=new URL(s.getAttribute(\"src\")),n=new URL(t.value),c.test(n.protocol))&&n.host===r.host&&l.activeElement===s&&(d.top.location.href=t.value))}},d.addEventListener(\"message\",d.wp.receiveEmbedMessage,!1),l.addEventListener(\"DOMContentLoaded\",function(){for(var e,t,s=l.querySelectorAll(\"iframe.wp-embedded-content\"),r=0;r<s.length;r++)(t=(e=s[r]).getAttribute(\"data-secret\"))||(t=Math.random().toString(36).substring(2,12),e.src+=\"#?secret=\"+t,e.setAttribute(\"data-secret\",t)),e.contentWindow.postMessage({message:\"ready\",secret:t},\"*\")},!1)))}(window,document);\n\/\/# sourceURL=https:\/\/minutosantafe.ar\/%77%70%2d%69%6e%63%6c%75%64%65%73\/js\/wp-embed.min.js\n<\/script>\n","thumbnail_url":"https:\/\/minutosantafe.ar\/wp-content\/uploads\/2026\/03\/principal_manuel-adorni-esposa-asi-es-la-vida-privada-del-nuevo-vocero-presidencial-del-gobierno-de-javier-milei.jpg","thumbnail_width":1280,"thumbnail_height":720,"description":"\u201cQuer\u00eda que me acompa\u00f1e\u201d: la ins\u00f3lita explicaci\u00f3n de Adorni por el viaje de su esposa en el avi\u00f3n presidencial El exvocero admiti\u00f3 que su mujer fue invitada por Presidencia porque \u201cno hab\u00eda otra forma\u201d de que lo acompa\u00f1ara en Nueva York. \u201cEstos son trabajos muy sacrificados, vengo ac\u00e1 a deslomarme\u201d,..."}