{"version":"1.0","provider_name":"MinutoSantaFe.ar","provider_url":"https:\/\/minutosantafe.ar","author_name":"Editor","author_url":"https:\/\/minutosantafe.ar\/author\/editor\/","title":"Entrevista a la secretaria de Asuntos Penales, Luc\u00eda Masneri - MinutoSantaFe.ar","type":"rich","width":600,"height":338,"html":"<blockquote class=\"wp-embedded-content\" data-secret=\"LLwnkvEabF\"><a href=\"https:\/\/minutosantafe.ar\/entrevista-a-la-secretaria-de-asuntos-penales-lucia-masneri\/\">Entrevista a la secretaria de Asuntos Penales, Luc\u00eda Masneri<\/a><\/blockquote><iframe sandbox=\"allow-scripts\" security=\"restricted\" src=\"https:\/\/minutosantafe.ar\/entrevista-a-la-secretaria-de-asuntos-penales-lucia-masneri\/embed\/#?secret=LLwnkvEabF\" width=\"600\" height=\"338\" title=\"\u00abEntrevista a la secretaria de Asuntos Penales, Luc\u00eda Masneri\u00bb \u2014 MinutoSantaFe.ar\" data-secret=\"LLwnkvEabF\" frameborder=\"0\" marginwidth=\"0\" marginheight=\"0\" scrolling=\"no\" class=\"wp-embedded-content\"><\/iframe><script type=\"text\/javascript\">\n\/* <![CDATA[ *\/\n\/*! This file is auto-generated *\/\n!function(d,l){\"use strict\";l.querySelector&&d.addEventListener&&\"undefined\"!=typeof URL&&(d.wp=d.wp||{},d.wp.receiveEmbedMessage||(d.wp.receiveEmbedMessage=function(e){var t=e.data;if((t||t.secret||t.message||t.value)&&!\/[^a-zA-Z0-9]\/.test(t.secret)){for(var s,r,n,a=l.querySelectorAll('iframe[data-secret=\"'+t.secret+'\"]'),o=l.querySelectorAll('blockquote[data-secret=\"'+t.secret+'\"]'),c=new RegExp(\"^https?:$\",\"i\"),i=0;i<o.length;i++)o[i].style.display=\"none\";for(i=0;i<a.length;i++)s=a[i],e.source===s.contentWindow&&(s.removeAttribute(\"style\"),\"height\"===t.message?(1e3<(r=parseInt(t.value,10))?r=1e3:~~r<200&&(r=200),s.height=r):\"link\"===t.message&&(r=new URL(s.getAttribute(\"src\")),n=new URL(t.value),c.test(n.protocol))&&n.host===r.host&&l.activeElement===s&&(d.top.location.href=t.value))}},d.addEventListener(\"message\",d.wp.receiveEmbedMessage,!1),l.addEventListener(\"DOMContentLoaded\",function(){for(var e,t,s=l.querySelectorAll(\"iframe.wp-embedded-content\"),r=0;r<s.length;r++)(t=(e=s[r]).getAttribute(\"data-secret\"))||(t=Math.random().toString(36).substring(2,12),e.src+=\"#?secret=\"+t,e.setAttribute(\"data-secret\",t)),e.contentWindow.postMessage({message:\"ready\",secret:t},\"*\")},!1)))}(window,document);\n\/\/# sourceURL=https:\/\/minutosantafe.ar\/%77%70%2d%69%6e%63%6c%75%64%65%73\/js\/wp-embed.min.js\n\/* ]]> *\/\n<\/script>\n","thumbnail_url":"https:\/\/minutosantafe.ar\/wp-content\/uploads\/2024\/09\/870937-ro01fo0108web.jpg","thumbnail_width":960,"thumbnail_height":640,"description":"\u201cTen\u00edamos que tomar el control de las c\u00e1rceles\u201d Masneri dijo que la requisa de marzo en Pi\u00f1ero fue \u201cprofunda\u201d, pero neg\u00f3 las torturas que fueron judicializadas. Defendi\u00f3 la difusi\u00f3n de fotos \u201ca lo Bukele\u201d y el uso de uniformes especiales para presos de alto perfil. Por\u00a0Luciano Couso &nbsp; Masneri est\u00e1..."}