{"version":"1.0","provider_name":"MinutoSantaFe.ar","provider_url":"https:\/\/minutosantafe.ar","author_name":"Editor","author_url":"https:\/\/minutosantafe.ar\/author\/editor\/","title":"\u201c\u00c9ste es el \u00faltimo a\u00f1o donde tenemos que hacer readecuaci\u00f3n tarifaria\u201d - MinutoSantaFe.ar","type":"rich","width":600,"height":338,"html":"<blockquote class=\"wp-embedded-content\" data-secret=\"RL3aXWxHQM\"><a href=\"https:\/\/minutosantafe.ar\/este-ultimo-ano-donde-tenemos-readecuacion-tarifaria\/\">\u201c\u00c9ste es el \u00faltimo a\u00f1o donde tenemos que hacer readecuaci\u00f3n tarifaria\u201d<\/a><\/blockquote><iframe sandbox=\"allow-scripts\" security=\"restricted\" src=\"https:\/\/minutosantafe.ar\/este-ultimo-ano-donde-tenemos-readecuacion-tarifaria\/embed\/#?secret=RL3aXWxHQM\" width=\"600\" height=\"338\" title=\"\u00ab\u201c\u00c9ste es el \u00faltimo a\u00f1o donde tenemos que hacer readecuaci\u00f3n tarifaria\u201d\u00bb \u2014 MinutoSantaFe.ar\" data-secret=\"RL3aXWxHQM\" frameborder=\"0\" marginwidth=\"0\" marginheight=\"0\" scrolling=\"no\" class=\"wp-embedded-content\"><\/iframe><script type=\"text\/javascript\">\n\/* <![CDATA[ *\/\n\/*! This file is auto-generated *\/\n!function(d,l){\"use strict\";l.querySelector&&d.addEventListener&&\"undefined\"!=typeof URL&&(d.wp=d.wp||{},d.wp.receiveEmbedMessage||(d.wp.receiveEmbedMessage=function(e){var t=e.data;if((t||t.secret||t.message||t.value)&&!\/[^a-zA-Z0-9]\/.test(t.secret)){for(var s,r,n,a=l.querySelectorAll('iframe[data-secret=\"'+t.secret+'\"]'),o=l.querySelectorAll('blockquote[data-secret=\"'+t.secret+'\"]'),c=new RegExp(\"^https?:$\",\"i\"),i=0;i<o.length;i++)o[i].style.display=\"none\";for(i=0;i<a.length;i++)s=a[i],e.source===s.contentWindow&&(s.removeAttribute(\"style\"),\"height\"===t.message?(1e3<(r=parseInt(t.value,10))?r=1e3:~~r<200&&(r=200),s.height=r):\"link\"===t.message&&(r=new URL(s.getAttribute(\"src\")),n=new URL(t.value),c.test(n.protocol))&&n.host===r.host&&l.activeElement===s&&(d.top.location.href=t.value))}},d.addEventListener(\"message\",d.wp.receiveEmbedMessage,!1),l.addEventListener(\"DOMContentLoaded\",function(){for(var e,t,s=l.querySelectorAll(\"iframe.wp-embedded-content\"),r=0;r<s.length;r++)(t=(e=s[r]).getAttribute(\"data-secret\"))||(t=Math.random().toString(36).substring(2,12),e.src+=\"#?secret=\"+t,e.setAttribute(\"data-secret\",t)),e.contentWindow.postMessage({message:\"ready\",secret:t},\"*\")},!1)))}(window,document);\n\/\/# sourceURL=https:\/\/minutosantafe.ar\/%77%70%2d%69%6e%63%6c%75%64%65%73\/js\/wp-embed.min.js\n\/* ]]> *\/\n<\/script>\n","thumbnail_url":"https:\/\/minutosantafe.ar\/%77%70%2d%63%6f%6e%74%65%6e%74\/uploads\/2020\/08\/minutologuin.png","thumbnail_width":514,"thumbnail_height":429,"description":"El jefe de Gabinete Marcos Pe\u00f1a encabez\u00f3 junto al gobernador Miguel Lifschitz la inaguraci\u00f3n de una central termoel\u00e9ctrica en Timb\u00faes donde anticip\u00f3 una pronta propuesta de pago de la deuda por coparticipaci\u00f3n. Habl\u00f3 del d\u00f3lar, la inflaci\u00f3n y el empleo El jefe de Gabinete, Marcos Pe\u00f1a y el gobernador Miguel..."}