{"version":"1.0","provider_name":"MinutoSantaFe.ar","provider_url":"https:\/\/minutosantafe.ar","author_name":"Editor","author_url":"https:\/\/minutosantafe.ar\/author\/editor\/","title":"Granata revel\u00f3 qu\u00e9 habl\u00f3 con Macri: \"Es pa\u00f1uelo celeste\" - MinutoSantaFe.ar","type":"rich","width":600,"height":338,"html":"<blockquote class=\"wp-embedded-content\" data-secret=\"Ty9JfHEVYR\"><a href=\"https:\/\/minutosantafe.ar\/granata-revelo-que-hablo-con-macri-es-panuelo-celeste\/\">Granata revel\u00f3 qu\u00e9 habl\u00f3 con Macri: \u00abEs pa\u00f1uelo celeste\u00bb<\/a><\/blockquote><iframe sandbox=\"allow-scripts\" security=\"restricted\" src=\"https:\/\/minutosantafe.ar\/granata-revelo-que-hablo-con-macri-es-panuelo-celeste\/embed\/#?secret=Ty9JfHEVYR\" width=\"600\" height=\"338\" title=\"\u00abGranata revel\u00f3 qu\u00e9 habl\u00f3 con Macri: \u00abEs pa\u00f1uelo celeste\u00bb\u00bb \u2014 MinutoSantaFe.ar\" data-secret=\"Ty9JfHEVYR\" frameborder=\"0\" marginwidth=\"0\" marginheight=\"0\" scrolling=\"no\" class=\"wp-embedded-content\"><\/iframe><script>\n\/*! This file is auto-generated *\/\n!function(d,l){\"use strict\";l.querySelector&&d.addEventListener&&\"undefined\"!=typeof URL&&(d.wp=d.wp||{},d.wp.receiveEmbedMessage||(d.wp.receiveEmbedMessage=function(e){var t=e.data;if((t||t.secret||t.message||t.value)&&!\/[^a-zA-Z0-9]\/.test(t.secret)){for(var s,r,n,a=l.querySelectorAll('iframe[data-secret=\"'+t.secret+'\"]'),o=l.querySelectorAll('blockquote[data-secret=\"'+t.secret+'\"]'),c=new RegExp(\"^https?:$\",\"i\"),i=0;i<o.length;i++)o[i].style.display=\"none\";for(i=0;i<a.length;i++)s=a[i],e.source===s.contentWindow&&(s.removeAttribute(\"style\"),\"height\"===t.message?(1e3<(r=parseInt(t.value,10))?r=1e3:~~r<200&&(r=200),s.height=r):\"link\"===t.message&&(r=new URL(s.getAttribute(\"src\")),n=new URL(t.value),c.test(n.protocol))&&n.host===r.host&&l.activeElement===s&&(d.top.location.href=t.value))}},d.addEventListener(\"message\",d.wp.receiveEmbedMessage,!1),l.addEventListener(\"DOMContentLoaded\",function(){for(var e,t,s=l.querySelectorAll(\"iframe.wp-embedded-content\"),r=0;r<s.length;r++)(t=(e=s[r]).getAttribute(\"data-secret\"))||(t=Math.random().toString(36).substring(2,12),e.src+=\"#?secret=\"+t,e.setAttribute(\"data-secret\",t)),e.contentWindow.postMessage({message:\"ready\",secret:t},\"*\")},!1)))}(window,document);\n\/\/# sourceURL=https:\/\/minutosantafe.ar\/%77%70%2d%69%6e%63%6c%75%64%65%73\/js\/wp-embed.min.js\n<\/script>\n","thumbnail_url":"https:\/\/i0.wp.com\/minutosantafe.ar\/wp-content\/uploads\/2019\/06\/1561160240389.jpg?fit=1200%2C775&ssl=1","thumbnail_width":1200,"thumbnail_height":775,"description":"Adem\u00e1s, Granata coment\u00f3 que estuvo presente en\u00a0la reuni\u00f3n de Olivos la ministro de seguridad Patricia Bullrich. Tras la reuni\u00f3n con Mauricio Macri que gener\u00f3 pol\u00e9mica, la nueva diputada provincial de Santa Fe, Amalia Granata, revel\u00f3 detalles de lo que hablar y reafirm\u00f3: \u00abMacri es pa\u00f1uelo celeste\u00bb. \u201cHablamos por la no..."}