{"version":"1.0","provider_name":"MinutoSantaFe.ar","provider_url":"https:\/\/minutosantafe.ar","author_name":"Editor","author_url":"https:\/\/minutosantafe.ar\/author\/editor\/","title":"Iniciaron su serie ante 50 mil personas - MinutoSantaFe.ar","type":"rich","width":600,"height":338,"html":"<blockquote class=\"wp-embedded-content\" data-secret=\"xY4P8JAiQu\"><a href=\"https:\/\/minutosantafe.ar\/iniciaron-su-serie-ante-50-mil-personas\/\">Iniciaron su serie ante 50 mil personas<\/a><\/blockquote><iframe sandbox=\"allow-scripts\" security=\"restricted\" src=\"https:\/\/minutosantafe.ar\/iniciaron-su-serie-ante-50-mil-personas\/embed\/#?secret=xY4P8JAiQu\" width=\"600\" height=\"338\" title=\"\u00abIniciaron su serie ante 50 mil personas\u00bb \u2014 MinutoSantaFe.ar\" data-secret=\"xY4P8JAiQu\" frameborder=\"0\" marginwidth=\"0\" marginheight=\"0\" scrolling=\"no\" class=\"wp-embedded-content\"><\/iframe><script>\n\/*! This file is auto-generated *\/\n!function(d,l){\"use strict\";l.querySelector&&d.addEventListener&&\"undefined\"!=typeof URL&&(d.wp=d.wp||{},d.wp.receiveEmbedMessage||(d.wp.receiveEmbedMessage=function(e){var t=e.data;if((t||t.secret||t.message||t.value)&&!\/[^a-zA-Z0-9]\/.test(t.secret)){for(var s,r,n,a=l.querySelectorAll('iframe[data-secret=\"'+t.secret+'\"]'),o=l.querySelectorAll('blockquote[data-secret=\"'+t.secret+'\"]'),c=new RegExp(\"^https?:$\",\"i\"),i=0;i<o.length;i++)o[i].style.display=\"none\";for(i=0;i<a.length;i++)s=a[i],e.source===s.contentWindow&&(s.removeAttribute(\"style\"),\"height\"===t.message?(1e3<(r=parseInt(t.value,10))?r=1e3:~~r<200&&(r=200),s.height=r):\"link\"===t.message&&(r=new URL(s.getAttribute(\"src\")),n=new URL(t.value),c.test(n.protocol))&&n.host===r.host&&l.activeElement===s&&(d.top.location.href=t.value))}},d.addEventListener(\"message\",d.wp.receiveEmbedMessage,!1),l.addEventListener(\"DOMContentLoaded\",function(){for(var e,t,s=l.querySelectorAll(\"iframe.wp-embedded-content\"),r=0;r<s.length;r++)(t=(e=s[r]).getAttribute(\"data-secret\"))||(t=Math.random().toString(36).substring(2,12),e.src+=\"#?secret=\"+t,e.setAttribute(\"data-secret\",t)),e.contentWindow.postMessage({message:\"ready\",secret:t},\"*\")},!1)))}(window,document);\n\/\/# sourceURL=https:\/\/minutosantafe.ar\/%77%70%2d%69%6e%63%6c%75%64%65%73\/js\/wp-embed.min.js\n<\/script>\n","thumbnail_url":"https:\/\/minutosantafe.ar\/wp-content\/uploads\/2024\/12\/898595-12-20los-20piojos-20en-20la-20plata-20-28foto-20ignacio-20arnedo-29-20-p0a7475.jpg","thumbnail_width":700,"thumbnail_height":467,"description":"La Plata tembl\u00f3: c\u00f3mo fue\u00a0el regreso de Los Piojos Comenz\u00f3 la seguidilla de siete rituales en La Plata, con las canciones que todos esperaban, un p\u00fablico que fue dosificando su efervescencia, una banda que est\u00e1 reconectando musical y humanamente y un gran encuentro intergeneracional. Por\u00a0Ayel\u00e9n Cisneros &nbsp; \u00abEsto est\u00e1 sucediendo\u00bb,..."}