{"version":"1.0","provider_name":"MinutoSantaFe.ar","provider_url":"https:\/\/minutosantafe.ar","author_name":"Editor","author_url":"https:\/\/minutosantafe.ar\/author\/editor\/","title":"Jornada de recordaci\u00f3n y actualidad - MinutoSantaFe.ar","type":"rich","width":600,"height":338,"html":"<blockquote class=\"wp-embedded-content\" data-secret=\"TdRjTgXaCo\"><a href=\"https:\/\/minutosantafe.ar\/jornada-de-recordacion-y-actualidad\/\">Jornada de recordaci\u00f3n y actualidad<\/a><\/blockquote><iframe sandbox=\"allow-scripts\" security=\"restricted\" src=\"https:\/\/minutosantafe.ar\/jornada-de-recordacion-y-actualidad\/embed\/#?secret=TdRjTgXaCo\" width=\"600\" height=\"338\" title=\"\u00abJornada de recordaci\u00f3n y actualidad\u00bb \u2014 MinutoSantaFe.ar\" data-secret=\"TdRjTgXaCo\" frameborder=\"0\" marginwidth=\"0\" marginheight=\"0\" scrolling=\"no\" class=\"wp-embedded-content\"><\/iframe><script type=\"text\/javascript\">\n\/* <![CDATA[ *\/\n\/*! This file is auto-generated *\/\n!function(d,l){\"use strict\";l.querySelector&&d.addEventListener&&\"undefined\"!=typeof URL&&(d.wp=d.wp||{},d.wp.receiveEmbedMessage||(d.wp.receiveEmbedMessage=function(e){var t=e.data;if((t||t.secret||t.message||t.value)&&!\/[^a-zA-Z0-9]\/.test(t.secret)){for(var s,r,n,a=l.querySelectorAll('iframe[data-secret=\"'+t.secret+'\"]'),o=l.querySelectorAll('blockquote[data-secret=\"'+t.secret+'\"]'),c=new RegExp(\"^https?:$\",\"i\"),i=0;i<o.length;i++)o[i].style.display=\"none\";for(i=0;i<a.length;i++)s=a[i],e.source===s.contentWindow&&(s.removeAttribute(\"style\"),\"height\"===t.message?(1e3<(r=parseInt(t.value,10))?r=1e3:~~r<200&&(r=200),s.height=r):\"link\"===t.message&&(r=new URL(s.getAttribute(\"src\")),n=new URL(t.value),c.test(n.protocol))&&n.host===r.host&&l.activeElement===s&&(d.top.location.href=t.value))}},d.addEventListener(\"message\",d.wp.receiveEmbedMessage,!1),l.addEventListener(\"DOMContentLoaded\",function(){for(var e,t,s=l.querySelectorAll(\"iframe.wp-embedded-content\"),r=0;r<s.length;r++)(t=(e=s[r]).getAttribute(\"data-secret\"))||(t=Math.random().toString(36).substring(2,12),e.src+=\"#?secret=\"+t,e.setAttribute(\"data-secret\",t)),e.contentWindow.postMessage({message:\"ready\",secret:t},\"*\")},!1)))}(window,document);\n\/\/# sourceURL=https:\/\/minutosantafe.ar\/%77%70%2d%69%6e%63%6c%75%64%65%73\/js\/wp-embed.min.js\n\/* ]]> *\/\n<\/script>\n","description":"Hubo gran marcha local en apoyo al gobierno nacional &nbsp; Rosario se sum\u00f3 este martes a las movilizaciones en el marco del D\u00eda de la Militancia peronista, en respaldo al presidente Alberto Fern\u00e1ndez. Se pidi\u00f3 adem\u00e1s el avance en el Congreso de la Naci\u00f3n del aporte de las grandes fortunas....","thumbnail_url":"https:\/\/redaccionrosario.com\/wp-content\/uploads\/2020\/11\/Caravana-Dia-de-la-Militancia-ph-Manuel-Costa-9460.jpg"}