{"version":"1.0","provider_name":"MinutoSantaFe.ar","provider_url":"https:\/\/minutosantafe.ar","author_name":"Editor","author_url":"https:\/\/minutosantafe.ar\/author\/editor\/","title":"Kicillof le otorg\u00f3 vacaciones extra para los m\u00e9dicos bonaerenses - MinutoSantaFe.ar","type":"rich","width":600,"height":338,"html":"<blockquote class=\"wp-embedded-content\" data-secret=\"riZI2E9XCi\"><a href=\"https:\/\/minutosantafe.ar\/kicillof-le-otorgo-vacaciones-extra-para-los-medicos-bonaerenses\/\">Kicillof le otorg\u00f3 vacaciones extra para los m\u00e9dicos bonaerenses<\/a><\/blockquote><iframe sandbox=\"allow-scripts\" security=\"restricted\" src=\"https:\/\/minutosantafe.ar\/kicillof-le-otorgo-vacaciones-extra-para-los-medicos-bonaerenses\/embed\/#?secret=riZI2E9XCi\" width=\"600\" height=\"338\" title=\"\u00abKicillof le otorg\u00f3 vacaciones extra para los m\u00e9dicos bonaerenses\u00bb \u2014 MinutoSantaFe.ar\" data-secret=\"riZI2E9XCi\" frameborder=\"0\" marginwidth=\"0\" marginheight=\"0\" scrolling=\"no\" class=\"wp-embedded-content\"><\/iframe><script>\n\/*! This file is auto-generated *\/\n!function(d,l){\"use strict\";l.querySelector&&d.addEventListener&&\"undefined\"!=typeof URL&&(d.wp=d.wp||{},d.wp.receiveEmbedMessage||(d.wp.receiveEmbedMessage=function(e){var t=e.data;if((t||t.secret||t.message||t.value)&&!\/[^a-zA-Z0-9]\/.test(t.secret)){for(var s,r,n,a=l.querySelectorAll('iframe[data-secret=\"'+t.secret+'\"]'),o=l.querySelectorAll('blockquote[data-secret=\"'+t.secret+'\"]'),c=new RegExp(\"^https?:$\",\"i\"),i=0;i<o.length;i++)o[i].style.display=\"none\";for(i=0;i<a.length;i++)s=a[i],e.source===s.contentWindow&&(s.removeAttribute(\"style\"),\"height\"===t.message?(1e3<(r=parseInt(t.value,10))?r=1e3:~~r<200&&(r=200),s.height=r):\"link\"===t.message&&(r=new URL(s.getAttribute(\"src\")),n=new URL(t.value),c.test(n.protocol))&&n.host===r.host&&l.activeElement===s&&(d.top.location.href=t.value))}},d.addEventListener(\"message\",d.wp.receiveEmbedMessage,!1),l.addEventListener(\"DOMContentLoaded\",function(){for(var e,t,s=l.querySelectorAll(\"iframe.wp-embedded-content\"),r=0;r<s.length;r++)(t=(e=s[r]).getAttribute(\"data-secret\"))||(t=Math.random().toString(36).substring(2,12),e.src+=\"#?secret=\"+t,e.setAttribute(\"data-secret\",t)),e.contentWindow.postMessage({message:\"ready\",secret:t},\"*\")},!1)))}(window,document);\n\/\/# sourceURL=https:\/\/minutosantafe.ar\/%77%70%2d%69%6e%63%6c%75%64%65%73\/js\/wp-embed.min.js\n<\/script>\n","thumbnail_url":"https:\/\/i0.wp.com\/minutosantafe.ar\/wp-content\/uploads\/2020\/12\/1592919854571.png?fit=770%2C440&ssl=1","thumbnail_width":770,"thumbnail_height":440,"description":"Debido a la pandemia por coronavirus, el Gobernador bonaerense decret\u00f3 una licencia extraordinaria de 12 d\u00edas para el personal dependiente del Ministerio de Salud por fuera del r\u00e9gimen vacacional.\u00a0 En medio de una semana en la que el gobierno de la provincia de Buenos Aires retom\u00f3 las negociaciones paritarias con..."}