{"version":"1.0","provider_name":"MinutoSantaFe.ar","provider_url":"https:\/\/minutosantafe.ar","author_name":"Editor","author_url":"https:\/\/minutosantafe.ar\/author\/editor\/","title":"La vicepresidenta tuite\u00f3 una nota de P\u00e1gina\/12 - MinutoSantaFe.ar","type":"rich","width":600,"height":338,"html":"<blockquote class=\"wp-embedded-content\" data-secret=\"I1NMzo46mf\"><a href=\"https:\/\/minutosantafe.ar\/la-vicepresidenta-tuiteo-una-nota-de-pagina-12\/\">La vicepresidenta tuite\u00f3 una nota de P\u00e1gina\/12<\/a><\/blockquote><iframe sandbox=\"allow-scripts\" security=\"restricted\" src=\"https:\/\/minutosantafe.ar\/la-vicepresidenta-tuiteo-una-nota-de-pagina-12\/embed\/#?secret=I1NMzo46mf\" width=\"600\" height=\"338\" title=\"\u00abLa vicepresidenta tuite\u00f3 una nota de P\u00e1gina\/12\u00bb \u2014 MinutoSantaFe.ar\" data-secret=\"I1NMzo46mf\" frameborder=\"0\" marginwidth=\"0\" marginheight=\"0\" scrolling=\"no\" class=\"wp-embedded-content\"><\/iframe><script>\n\/*! This file is auto-generated *\/\n!function(d,l){\"use strict\";l.querySelector&&d.addEventListener&&\"undefined\"!=typeof URL&&(d.wp=d.wp||{},d.wp.receiveEmbedMessage||(d.wp.receiveEmbedMessage=function(e){var t=e.data;if((t||t.secret||t.message||t.value)&&!\/[^a-zA-Z0-9]\/.test(t.secret)){for(var s,r,n,a=l.querySelectorAll('iframe[data-secret=\"'+t.secret+'\"]'),o=l.querySelectorAll('blockquote[data-secret=\"'+t.secret+'\"]'),c=new RegExp(\"^https?:$\",\"i\"),i=0;i<o.length;i++)o[i].style.display=\"none\";for(i=0;i<a.length;i++)s=a[i],e.source===s.contentWindow&&(s.removeAttribute(\"style\"),\"height\"===t.message?(1e3<(r=parseInt(t.value,10))?r=1e3:~~r<200&&(r=200),s.height=r):\"link\"===t.message&&(r=new URL(s.getAttribute(\"src\")),n=new URL(t.value),c.test(n.protocol))&&n.host===r.host&&l.activeElement===s&&(d.top.location.href=t.value))}},d.addEventListener(\"message\",d.wp.receiveEmbedMessage,!1),l.addEventListener(\"DOMContentLoaded\",function(){for(var e,t,s=l.querySelectorAll(\"iframe.wp-embedded-content\"),r=0;r<s.length;r++)(t=(e=s[r]).getAttribute(\"data-secret\"))||(t=Math.random().toString(36).substring(2,12),e.src+=\"#?secret=\"+t,e.setAttribute(\"data-secret\",t)),e.contentWindow.postMessage({message:\"ready\",secret:t},\"*\")},!1)))}(window,document);\n\/\/# sourceURL=https:\/\/minutosantafe.ar\/%77%70%2d%69%6e%63%6c%75%64%65%73\/js\/wp-embed.min.js\n<\/script>\n","thumbnail_url":"https:\/\/i0.wp.com\/minutosantafe.ar\/wp-content\/uploads\/2020\/07\/IMG_0912-530x383-1.jpg?fit=530%2C383&ssl=1","thumbnail_width":530,"thumbnail_height":383,"description":"Cristina Kirchner: \u00abEl mejor an\u00e1lisis que he le\u00eddo en mucho tiempo\u00bb &nbsp; La vicepresidenta Cristina Fern\u00e1ndez de Kirchner recomend\u00f3 hoy leer la nota\u00a0\u00abLa conducci\u00f3n pol\u00edtica del poder econ\u00f3mico\u00bb,\u00a0publicada por este diario, se\u00f1alando en su cuenta de Twitter que\u00a0se trata del \u00abmejor an\u00e1lisis\u00bb le\u00eddo \u00aben mucho tiempo\u00bb. A trav\u00e9s de sus..."}