{"version":"1.0","provider_name":"MinutoSantaFe.ar","provider_url":"https:\/\/minutosantafe.ar","author_name":"Editor","author_url":"https:\/\/minutosantafe.ar\/author\/editor\/","title":"Mar\u00eda O'Donnell ser\u00e1 participante de MasterChef Celebrity 2 - MinutoSantaFe.ar","type":"rich","width":600,"height":338,"html":"<blockquote class=\"wp-embedded-content\" data-secret=\"nebmz0VZBL\"><a href=\"https:\/\/minutosantafe.ar\/maria-odonnell-sera-participante-de-masterchef-celebrity-2\/\">Mar\u00eda O&#8217;Donnell ser\u00e1 participante de MasterChef Celebrity 2<\/a><\/blockquote><iframe sandbox=\"allow-scripts\" security=\"restricted\" src=\"https:\/\/minutosantafe.ar\/maria-odonnell-sera-participante-de-masterchef-celebrity-2\/embed\/#?secret=nebmz0VZBL\" width=\"600\" height=\"338\" title=\"\u00abMar\u00eda O&#8217;Donnell ser\u00e1 participante de MasterChef Celebrity 2\u00bb \u2014 MinutoSantaFe.ar\" data-secret=\"nebmz0VZBL\" frameborder=\"0\" marginwidth=\"0\" marginheight=\"0\" scrolling=\"no\" class=\"wp-embedded-content\"><\/iframe><script type=\"text\/javascript\">\n\/* <![CDATA[ *\/\n\/*! This file is auto-generated *\/\n!function(d,l){\"use strict\";l.querySelector&&d.addEventListener&&\"undefined\"!=typeof URL&&(d.wp=d.wp||{},d.wp.receiveEmbedMessage||(d.wp.receiveEmbedMessage=function(e){var t=e.data;if((t||t.secret||t.message||t.value)&&!\/[^a-zA-Z0-9]\/.test(t.secret)){for(var s,r,n,a=l.querySelectorAll('iframe[data-secret=\"'+t.secret+'\"]'),o=l.querySelectorAll('blockquote[data-secret=\"'+t.secret+'\"]'),c=new RegExp(\"^https?:$\",\"i\"),i=0;i<o.length;i++)o[i].style.display=\"none\";for(i=0;i<a.length;i++)s=a[i],e.source===s.contentWindow&&(s.removeAttribute(\"style\"),\"height\"===t.message?(1e3<(r=parseInt(t.value,10))?r=1e3:~~r<200&&(r=200),s.height=r):\"link\"===t.message&&(r=new URL(s.getAttribute(\"src\")),n=new URL(t.value),c.test(n.protocol))&&n.host===r.host&&l.activeElement===s&&(d.top.location.href=t.value))}},d.addEventListener(\"message\",d.wp.receiveEmbedMessage,!1),l.addEventListener(\"DOMContentLoaded\",function(){for(var e,t,s=l.querySelectorAll(\"iframe.wp-embedded-content\"),r=0;r<s.length;r++)(t=(e=s[r]).getAttribute(\"data-secret\"))||(t=Math.random().toString(36).substring(2,12),e.src+=\"#?secret=\"+t,e.setAttribute(\"data-secret\",t)),e.contentWindow.postMessage({message:\"ready\",secret:t},\"*\")},!1)))}(window,document);\n\/\/# sourceURL=https:\/\/minutosantafe.ar\/%77%70%2d%69%6e%63%6c%75%64%65%73\/js\/wp-embed.min.js\n\/* ]]> *\/\n<\/script>\n","thumbnail_url":"https:\/\/i0.wp.com\/minutosantafe.ar\/wp-content\/uploads\/2021\/01\/52g7Fztn.jpg?fit=400%2C400&ssl=1","thumbnail_width":400,"thumbnail_height":400,"description":"Se oficializ\u00f3 que la periodista competir\u00e1 en el reality de cocina de Telefe. Todos los detalles. Luego de varias semanas de rumores, se confirm\u00f3 que\u00a0MasterChef Celebrity 2, la segunda temporada del reality de\u00a0Telefe, tendr\u00e1 como participante a\u00a0Mar\u00eda O&#8217;Donnell. &nbsp; &nbsp; La confirmaci\u00f3n la dieron en la propia pantalla del canal..."}