{"version":"1.0","provider_name":"MinutoSantaFe.ar","provider_url":"https:\/\/minutosantafe.ar","author_name":"Editor","author_url":"https:\/\/minutosantafe.ar\/author\/editor\/","title":"Obligado (y tenso) encuentro entre Alberto Fern\u00e1ndez y CFK - MinutoSantaFe.ar","type":"rich","width":600,"height":338,"html":"<blockquote class=\"wp-embedded-content\" data-secret=\"lBV9mADzOG\"><a href=\"https:\/\/minutosantafe.ar\/obligado-y-tenso-encuentro-entre-alberto-fernandez-y-cfk\/\">Obligado (y tenso) encuentro entre Alberto Fern\u00e1ndez y CFK<\/a><\/blockquote><iframe sandbox=\"allow-scripts\" security=\"restricted\" src=\"https:\/\/minutosantafe.ar\/obligado-y-tenso-encuentro-entre-alberto-fernandez-y-cfk\/embed\/#?secret=lBV9mADzOG\" width=\"600\" height=\"338\" title=\"\u00abObligado (y tenso) encuentro entre Alberto Fern\u00e1ndez y CFK\u00bb \u2014 MinutoSantaFe.ar\" data-secret=\"lBV9mADzOG\" frameborder=\"0\" marginwidth=\"0\" marginheight=\"0\" scrolling=\"no\" class=\"wp-embedded-content\"><\/iframe><script>\n\/*! This file is auto-generated *\/\n!function(d,l){\"use strict\";l.querySelector&&d.addEventListener&&\"undefined\"!=typeof URL&&(d.wp=d.wp||{},d.wp.receiveEmbedMessage||(d.wp.receiveEmbedMessage=function(e){var t=e.data;if((t||t.secret||t.message||t.value)&&!\/[^a-zA-Z0-9]\/.test(t.secret)){for(var s,r,n,a=l.querySelectorAll('iframe[data-secret=\"'+t.secret+'\"]'),o=l.querySelectorAll('blockquote[data-secret=\"'+t.secret+'\"]'),c=new RegExp(\"^https?:$\",\"i\"),i=0;i<o.length;i++)o[i].style.display=\"none\";for(i=0;i<a.length;i++)s=a[i],e.source===s.contentWindow&&(s.removeAttribute(\"style\"),\"height\"===t.message?(1e3<(r=parseInt(t.value,10))?r=1e3:~~r<200&&(r=200),s.height=r):\"link\"===t.message&&(r=new URL(s.getAttribute(\"src\")),n=new URL(t.value),c.test(n.protocol))&&n.host===r.host&&l.activeElement===s&&(d.top.location.href=t.value))}},d.addEventListener(\"message\",d.wp.receiveEmbedMessage,!1),l.addEventListener(\"DOMContentLoaded\",function(){for(var e,t,s=l.querySelectorAll(\"iframe.wp-embedded-content\"),r=0;r<s.length;r++)(t=(e=s[r]).getAttribute(\"data-secret\"))||(t=Math.random().toString(36).substring(2,12),e.src+=\"#?secret=\"+t,e.setAttribute(\"data-secret\",t)),e.contentWindow.postMessage({message:\"ready\",secret:t},\"*\")},!1)))}(window,document);\n\/\/# sourceURL=https:\/\/minutosantafe.ar\/%77%70%2d%69%6e%63%6c%75%64%65%73\/js\/wp-embed.min.js\n<\/script>\n","thumbnail_url":"https:\/\/i0.wp.com\/minutosantafe.ar\/wp-content\/uploads\/2023\/02\/alberto-cfkjpg.webp?fit=1200%2C675&ssl=1","thumbnail_width":1200,"thumbnail_height":675,"description":"En medio de la interna feroz en el FdT, Alberto Fern\u00e1ndez y Cristina Kirchner volver\u00e1n a estar cara a cara en p\u00fablico en la apertura de sesiones ordinarias. Alberto Fern\u00e1ndez\u00a0y\u00a0Cristina Fern\u00e1ndez de Kirchner\u00a0no se muestran p\u00fablicamente juntos desde junio del 2022, cuando compartieron un acto por los 100 a\u00f1os de..."}