{"version":"1.0","provider_name":"MinutoSantaFe.ar","provider_url":"https:\/\/minutosantafe.ar","author_name":"Editor","author_url":"https:\/\/minutosantafe.ar\/author\/editor\/","title":"Patricio Fontanet toc\u00f3 en el aniversario de Croma\u00f1\u00f3n - MinutoSantaFe.ar","type":"rich","width":600,"height":338,"html":"<blockquote class=\"wp-embedded-content\" data-secret=\"towttwqK6G\"><a href=\"https:\/\/minutosantafe.ar\/patricio-fontanet-toco-en-el-aniversario-de-cromanon\/\">Patricio Fontanet toc\u00f3 en el aniversario de Croma\u00f1\u00f3n<\/a><\/blockquote><iframe sandbox=\"allow-scripts\" security=\"restricted\" src=\"https:\/\/minutosantafe.ar\/patricio-fontanet-toco-en-el-aniversario-de-cromanon\/embed\/#?secret=towttwqK6G\" width=\"600\" height=\"338\" title=\"\u00abPatricio Fontanet toc\u00f3 en el aniversario de Croma\u00f1\u00f3n\u00bb \u2014 MinutoSantaFe.ar\" data-secret=\"towttwqK6G\" frameborder=\"0\" marginwidth=\"0\" marginheight=\"0\" scrolling=\"no\" class=\"wp-embedded-content\"><\/iframe><script type=\"text\/javascript\">\n\/* <![CDATA[ *\/\n\/*! This file is auto-generated *\/\n!function(d,l){\"use strict\";l.querySelector&&d.addEventListener&&\"undefined\"!=typeof URL&&(d.wp=d.wp||{},d.wp.receiveEmbedMessage||(d.wp.receiveEmbedMessage=function(e){var t=e.data;if((t||t.secret||t.message||t.value)&&!\/[^a-zA-Z0-9]\/.test(t.secret)){for(var s,r,n,a=l.querySelectorAll('iframe[data-secret=\"'+t.secret+'\"]'),o=l.querySelectorAll('blockquote[data-secret=\"'+t.secret+'\"]'),c=new RegExp(\"^https?:$\",\"i\"),i=0;i<o.length;i++)o[i].style.display=\"none\";for(i=0;i<a.length;i++)s=a[i],e.source===s.contentWindow&&(s.removeAttribute(\"style\"),\"height\"===t.message?(1e3<(r=parseInt(t.value,10))?r=1e3:~~r<200&&(r=200),s.height=r):\"link\"===t.message&&(r=new URL(s.getAttribute(\"src\")),n=new URL(t.value),c.test(n.protocol))&&n.host===r.host&&l.activeElement===s&&(d.top.location.href=t.value))}},d.addEventListener(\"message\",d.wp.receiveEmbedMessage,!1),l.addEventListener(\"DOMContentLoaded\",function(){for(var e,t,s=l.querySelectorAll(\"iframe.wp-embedded-content\"),r=0;r<s.length;r++)(t=(e=s[r]).getAttribute(\"data-secret\"))||(t=Math.random().toString(36).substring(2,12),e.src+=\"#?secret=\"+t,e.setAttribute(\"data-secret\",t)),e.contentWindow.postMessage({message:\"ready\",secret:t},\"*\")},!1)))}(window,document);\n\/\/# sourceURL=https:\/\/minutosantafe.ar\/%77%70%2d%69%6e%63%6c%75%64%65%73\/js\/wp-embed.min.js\n\/* ]]> *\/\n<\/script>\n","thumbnail_url":"https:\/\/i0.wp.com\/minutosantafe.ar\/wp-content\/uploads\/2021\/12\/pato-fontanetjpg.jpg?fit=730%2C506&ssl=1","thumbnail_width":730,"thumbnail_height":506,"description":"Los organizadores de la conmemoraci\u00f3n de la masacre en el acto llamado \u00abNo nos cuenten Croma\u00f1\u00f3n\u00bb advirtieron una \u00absorpresa\u00bb. El cantante estuvo con su banda. Patricio Fontanet, ex cantante de\u00a0Callejeros, el grupo que tocaba en el boliche Rep\u00fablica de\u00a0Croma\u00f1\u00f3n\u00a0hace 17 a\u00f1os cuando ocurri\u00f3 la tragedia que deriv\u00f3 en 194 muertes,..."}