{"version":"1.0","provider_name":"MinutoSantaFe.ar","provider_url":"https:\/\/minutosantafe.ar","author_name":"Editor","author_url":"https:\/\/minutosantafe.ar\/author\/editor\/","title":"Qu\u00e9 es el Bono Vacacional y qui\u00e9nes podr\u00e1n solicitarlo? - MinutoSantaFe.ar","type":"rich","width":600,"height":338,"html":"<blockquote class=\"wp-embedded-content\" data-secret=\"w6C3TCbJaJ\"><a href=\"https:\/\/minutosantafe.ar\/que-es-el-bono-vacacional-y-quienes-podran-solicitarlo\/\">Qu\u00e9 es el Bono Vacacional y qui\u00e9nes podr\u00e1n solicitarlo?<\/a><\/blockquote><iframe sandbox=\"allow-scripts\" security=\"restricted\" src=\"https:\/\/minutosantafe.ar\/que-es-el-bono-vacacional-y-quienes-podran-solicitarlo\/embed\/#?secret=w6C3TCbJaJ\" width=\"600\" height=\"338\" title=\"\u00abQu\u00e9 es el Bono Vacacional y qui\u00e9nes podr\u00e1n solicitarlo?\u00bb \u2014 MinutoSantaFe.ar\" data-secret=\"w6C3TCbJaJ\" frameborder=\"0\" marginwidth=\"0\" marginheight=\"0\" scrolling=\"no\" class=\"wp-embedded-content\"><\/iframe><script>\n\/*! This file is auto-generated *\/\n!function(d,l){\"use strict\";l.querySelector&&d.addEventListener&&\"undefined\"!=typeof URL&&(d.wp=d.wp||{},d.wp.receiveEmbedMessage||(d.wp.receiveEmbedMessage=function(e){var t=e.data;if((t||t.secret||t.message||t.value)&&!\/[^a-zA-Z0-9]\/.test(t.secret)){for(var s,r,n,a=l.querySelectorAll('iframe[data-secret=\"'+t.secret+'\"]'),o=l.querySelectorAll('blockquote[data-secret=\"'+t.secret+'\"]'),c=new RegExp(\"^https?:$\",\"i\"),i=0;i<o.length;i++)o[i].style.display=\"none\";for(i=0;i<a.length;i++)s=a[i],e.source===s.contentWindow&&(s.removeAttribute(\"style\"),\"height\"===t.message?(1e3<(r=parseInt(t.value,10))?r=1e3:~~r<200&&(r=200),s.height=r):\"link\"===t.message&&(r=new URL(s.getAttribute(\"src\")),n=new URL(t.value),c.test(n.protocol))&&n.host===r.host&&l.activeElement===s&&(d.top.location.href=t.value))}},d.addEventListener(\"message\",d.wp.receiveEmbedMessage,!1),l.addEventListener(\"DOMContentLoaded\",function(){for(var e,t,s=l.querySelectorAll(\"iframe.wp-embedded-content\"),r=0;r<s.length;r++)(t=(e=s[r]).getAttribute(\"data-secret\"))||(t=Math.random().toString(36).substring(2,12),e.src+=\"#?secret=\"+t,e.setAttribute(\"data-secret\",t)),e.contentWindow.postMessage({message:\"ready\",secret:t},\"*\")},!1)))}(window,document);\n\/\/# sourceURL=https:\/\/minutosantafe.ar\/%77%70%2d%69%6e%63%6c%75%64%65%73\/js\/wp-embed.min.js\n<\/script>\n","thumbnail_url":"https:\/\/i0.wp.com\/minutosantafe.ar\/wp-content\/uploads\/2020\/10\/bono-vacacional.jpg?fit=730%2C500&ssl=1","thumbnail_width":730,"thumbnail_height":500,"description":"El Gobierno nacional lanz\u00f3 el Bono Fiscal Vacacional\u00a0como una de las medidas mediante la cual se busca reactivar la actividad tur\u00edstica en el pa\u00eds. El programa tendr\u00e1 un l\u00edmite m\u00e1ximo de dos mil millones de pesos y se asignar\u00e1 un monto de hasta $20.000 por grupo familiar, a partir de\u00a0enero..."}