{"version":"1.0","provider_name":"MinutoSantaFe.ar","provider_url":"https:\/\/minutosantafe.ar","author_name":"Editor","author_url":"https:\/\/minutosantafe.ar\/author\/editor\/","title":"Renunci\u00f3 Roberto Feletti a la Secretar\u00eda de Comercio Interior - MinutoSantaFe.ar","type":"rich","width":600,"height":338,"html":"<blockquote class=\"wp-embedded-content\" data-secret=\"IyUEpiFcMB\"><a href=\"https:\/\/minutosantafe.ar\/renuncio-roberto-feletti-a-la-secretaria-de-comercio-interior\/\">Renunci\u00f3 Roberto Feletti a la Secretar\u00eda de Comercio Interior<\/a><\/blockquote><iframe sandbox=\"allow-scripts\" security=\"restricted\" src=\"https:\/\/minutosantafe.ar\/renuncio-roberto-feletti-a-la-secretaria-de-comercio-interior\/embed\/#?secret=IyUEpiFcMB\" width=\"600\" height=\"338\" title=\"\u00abRenunci\u00f3 Roberto Feletti a la Secretar\u00eda de Comercio Interior\u00bb \u2014 MinutoSantaFe.ar\" data-secret=\"IyUEpiFcMB\" frameborder=\"0\" marginwidth=\"0\" marginheight=\"0\" scrolling=\"no\" class=\"wp-embedded-content\"><\/iframe><script type=\"text\/javascript\">\n\/* <![CDATA[ *\/\n\/*! This file is auto-generated *\/\n!function(d,l){\"use strict\";l.querySelector&&d.addEventListener&&\"undefined\"!=typeof URL&&(d.wp=d.wp||{},d.wp.receiveEmbedMessage||(d.wp.receiveEmbedMessage=function(e){var t=e.data;if((t||t.secret||t.message||t.value)&&!\/[^a-zA-Z0-9]\/.test(t.secret)){for(var s,r,n,a=l.querySelectorAll('iframe[data-secret=\"'+t.secret+'\"]'),o=l.querySelectorAll('blockquote[data-secret=\"'+t.secret+'\"]'),c=new RegExp(\"^https?:$\",\"i\"),i=0;i<o.length;i++)o[i].style.display=\"none\";for(i=0;i<a.length;i++)s=a[i],e.source===s.contentWindow&&(s.removeAttribute(\"style\"),\"height\"===t.message?(1e3<(r=parseInt(t.value,10))?r=1e3:~~r<200&&(r=200),s.height=r):\"link\"===t.message&&(r=new URL(s.getAttribute(\"src\")),n=new URL(t.value),c.test(n.protocol))&&n.host===r.host&&l.activeElement===s&&(d.top.location.href=t.value))}},d.addEventListener(\"message\",d.wp.receiveEmbedMessage,!1),l.addEventListener(\"DOMContentLoaded\",function(){for(var e,t,s=l.querySelectorAll(\"iframe.wp-embedded-content\"),r=0;r<s.length;r++)(t=(e=s[r]).getAttribute(\"data-secret\"))||(t=Math.random().toString(36).substring(2,12),e.src+=\"#?secret=\"+t,e.setAttribute(\"data-secret\",t)),e.contentWindow.postMessage({message:\"ready\",secret:t},\"*\")},!1)))}(window,document);\n\/\/# sourceURL=https:\/\/minutosantafe.ar\/%77%70%2d%69%6e%63%6c%75%64%65%73\/js\/wp-embed.min.js\n\/* ]]> *\/\n<\/script>\n","thumbnail_url":"https:\/\/i0.wp.com\/minutosantafe.ar\/wp-content\/uploads\/2022\/05\/1642196664820.jpg?fit=500%2C282&ssl=1","thumbnail_width":500,"thumbnail_height":282,"description":"El funcionario le present\u00f3 su renuncia al ministro de Econom\u00eda, Mart\u00edn Guzm\u00e1n, quien ahora qued\u00f3 a cargo del \u00e1rea que tiene el control de los precios entre sus funciones.\u00a0En su carta, habl\u00f3 de\u00a0\u201cdiscrepancias\u00bb sobre el rumbo econ\u00f3mico\u00a0y las herramientas para combatir la inflaci\u00f3n. El secretario de Comercio Interior, Roberto Feletti,..."}