{"version":"1.0","provider_name":"MinutoSantaFe.ar","provider_url":"https:\/\/minutosantafe.ar","author_name":"Editor","author_url":"https:\/\/minutosantafe.ar\/author\/editor\/","title":"Santa Mar\u00eda: \"No creo que Cristina tenga problema en juntarse con Massa\" - MinutoSantaFe.ar","type":"rich","width":600,"height":338,"html":"<blockquote class=\"wp-embedded-content\" data-secret=\"GgBUmyIr1o\"><a href=\"https:\/\/minutosantafe.ar\/santa-maria-no-creo-cristina-tenga-problema-juntarse-massa\/\">Santa Mar\u00eda: \u00abNo creo que Cristina tenga problema en juntarse con Massa\u00bb<\/a><\/blockquote><iframe sandbox=\"allow-scripts\" security=\"restricted\" src=\"https:\/\/minutosantafe.ar\/santa-maria-no-creo-cristina-tenga-problema-juntarse-massa\/embed\/#?secret=GgBUmyIr1o\" width=\"600\" height=\"338\" title=\"\u00abSanta Mar\u00eda: \u00abNo creo que Cristina tenga problema en juntarse con Massa\u00bb\u00bb \u2014 MinutoSantaFe.ar\" data-secret=\"GgBUmyIr1o\" frameborder=\"0\" marginwidth=\"0\" marginheight=\"0\" scrolling=\"no\" class=\"wp-embedded-content\"><\/iframe><script type=\"text\/javascript\">\n\/* <![CDATA[ *\/\n\/*! This file is auto-generated *\/\n!function(d,l){\"use strict\";l.querySelector&&d.addEventListener&&\"undefined\"!=typeof URL&&(d.wp=d.wp||{},d.wp.receiveEmbedMessage||(d.wp.receiveEmbedMessage=function(e){var t=e.data;if((t||t.secret||t.message||t.value)&&!\/[^a-zA-Z0-9]\/.test(t.secret)){for(var s,r,n,a=l.querySelectorAll('iframe[data-secret=\"'+t.secret+'\"]'),o=l.querySelectorAll('blockquote[data-secret=\"'+t.secret+'\"]'),c=new RegExp(\"^https?:$\",\"i\"),i=0;i<o.length;i++)o[i].style.display=\"none\";for(i=0;i<a.length;i++)s=a[i],e.source===s.contentWindow&&(s.removeAttribute(\"style\"),\"height\"===t.message?(1e3<(r=parseInt(t.value,10))?r=1e3:~~r<200&&(r=200),s.height=r):\"link\"===t.message&&(r=new URL(s.getAttribute(\"src\")),n=new URL(t.value),c.test(n.protocol))&&n.host===r.host&&l.activeElement===s&&(d.top.location.href=t.value))}},d.addEventListener(\"message\",d.wp.receiveEmbedMessage,!1),l.addEventListener(\"DOMContentLoaded\",function(){for(var e,t,s=l.querySelectorAll(\"iframe.wp-embedded-content\"),r=0;r<s.length;r++)(t=(e=s[r]).getAttribute(\"data-secret\"))||(t=Math.random().toString(36).substring(2,12),e.src+=\"#?secret=\"+t,e.setAttribute(\"data-secret\",t)),e.contentWindow.postMessage({message:\"ready\",secret:t},\"*\")},!1)))}(window,document);\n\/\/# sourceURL=https:\/\/minutosantafe.ar\/%77%70%2d%69%6e%63%6c%75%64%65%73\/js\/wp-embed.min.js\n\/* ]]> *\/\n<\/script>\n","thumbnail_url":"https:\/\/i0.wp.com\/minutosantafe.ar\/wp-content\/uploads\/2018\/01\/0000441029.jpg?fit=770%2C471&ssl=1","thumbnail_width":770,"thumbnail_height":471,"description":"El dirigente gremial se refiri\u00f3 a las elecciones del a\u00f1o que viene. \u00abMassa se tiene que dar cuenta que no le fue bien diferenci\u00e1ndose de Cristina\u00bb, sum\u00f3 El contundente triunfo de\u00a0Cambiemos\u00a0en la \u00faltima elecci\u00f3n,en la que alcanz\u00f3 un 42% a nivel nacional, obliga al peronismo a replantear su estratega de..."}