{"version":"1.0","provider_name":"MinutoSantaFe.ar","provider_url":"https:\/\/minutosantafe.ar","author_name":"Editor","author_url":"https:\/\/minutosantafe.ar\/author\/editor\/","title":"Trotta: \"No nos hemos puesto de acuerdo todav\u00eda\u201d - MinutoSantaFe.ar","type":"rich","width":600,"height":338,"html":"<blockquote class=\"wp-embedded-content\" data-secret=\"zOR2WYsFKt\"><a href=\"https:\/\/minutosantafe.ar\/trotta-no-nos-hemos-puesto-de-acuerdo-todavia\/\">Trotta: \u00abNo nos hemos puesto de acuerdo todav\u00eda\u201d<\/a><\/blockquote><iframe sandbox=\"allow-scripts\" security=\"restricted\" src=\"https:\/\/minutosantafe.ar\/trotta-no-nos-hemos-puesto-de-acuerdo-todavia\/embed\/#?secret=zOR2WYsFKt\" width=\"600\" height=\"338\" title=\"\u00abTrotta: \u00abNo nos hemos puesto de acuerdo todav\u00eda\u201d\u00bb \u2014 MinutoSantaFe.ar\" data-secret=\"zOR2WYsFKt\" frameborder=\"0\" marginwidth=\"0\" marginheight=\"0\" scrolling=\"no\" class=\"wp-embedded-content\"><\/iframe><script>\n\/*! This file is auto-generated *\/\n!function(d,l){\"use strict\";l.querySelector&&d.addEventListener&&\"undefined\"!=typeof URL&&(d.wp=d.wp||{},d.wp.receiveEmbedMessage||(d.wp.receiveEmbedMessage=function(e){var t=e.data;if((t||t.secret||t.message||t.value)&&!\/[^a-zA-Z0-9]\/.test(t.secret)){for(var s,r,n,a=l.querySelectorAll('iframe[data-secret=\"'+t.secret+'\"]'),o=l.querySelectorAll('blockquote[data-secret=\"'+t.secret+'\"]'),c=new RegExp(\"^https?:$\",\"i\"),i=0;i<o.length;i++)o[i].style.display=\"none\";for(i=0;i<a.length;i++)s=a[i],e.source===s.contentWindow&&(s.removeAttribute(\"style\"),\"height\"===t.message?(1e3<(r=parseInt(t.value,10))?r=1e3:~~r<200&&(r=200),s.height=r):\"link\"===t.message&&(r=new URL(s.getAttribute(\"src\")),n=new URL(t.value),c.test(n.protocol))&&n.host===r.host&&l.activeElement===s&&(d.top.location.href=t.value))}},d.addEventListener(\"message\",d.wp.receiveEmbedMessage,!1),l.addEventListener(\"DOMContentLoaded\",function(){for(var e,t,s=l.querySelectorAll(\"iframe.wp-embedded-content\"),r=0;r<s.length;r++)(t=(e=s[r]).getAttribute(\"data-secret\"))||(t=Math.random().toString(36).substring(2,12),e.src+=\"#?secret=\"+t,e.setAttribute(\"data-secret\",t)),e.contentWindow.postMessage({message:\"ready\",secret:t},\"*\")},!1)))}(window,document);\n\/\/# sourceURL=https:\/\/minutosantafe.ar\/%77%70%2d%69%6e%63%6c%75%64%65%73\/js\/wp-embed.min.js\n<\/script>\n","thumbnail_url":"https:\/\/i0.wp.com\/minutosantafe.ar\/wp-content\/uploads\/2020\/09\/ce3bff04384eab0940be7f7eabbe1db4_MAIN.jpg?fit=730%2C487&ssl=1","thumbnail_width":730,"thumbnail_height":487,"description":"El ministro de educaci\u00f3n de la Naci\u00f3n aclar\u00f3 que \u201cestamos trabajando para encontrar la mejor respuesta\u00bb, ante las versiones de que tras la reuni\u00f3n con Soledad Acu\u00f1a, la titular de la cartera porte\u00f1a se hab\u00eda llegado un acuerdo para el regreso a las aulas de 6500 alumnos. Si bien la..."}