{"version":"1.0","provider_name":"MinutoSantaFe.ar","provider_url":"https:\/\/minutosantafe.ar","author_name":"Editor","author_url":"https:\/\/minutosantafe.ar\/author\/editor\/","title":"Un intendente revel\u00f3 que Macri viol\u00f3 la cuarentena - MinutoSantaFe.ar","type":"rich","width":600,"height":338,"html":"<blockquote class=\"wp-embedded-content\" data-secret=\"IgFsPpBmux\"><a href=\"https:\/\/minutosantafe.ar\/un-intendente-revelo-que-macri-violo-la-cuarentena\/\">Un intendente revel\u00f3 que Macri viol\u00f3 la cuarentena<\/a><\/blockquote><iframe sandbox=\"allow-scripts\" security=\"restricted\" src=\"https:\/\/minutosantafe.ar\/un-intendente-revelo-que-macri-violo-la-cuarentena\/embed\/#?secret=IgFsPpBmux\" width=\"600\" height=\"338\" title=\"\u00abUn intendente revel\u00f3 que Macri viol\u00f3 la cuarentena\u00bb \u2014 MinutoSantaFe.ar\" data-secret=\"IgFsPpBmux\" frameborder=\"0\" marginwidth=\"0\" marginheight=\"0\" scrolling=\"no\" class=\"wp-embedded-content\"><\/iframe><script>\n\/*! This file is auto-generated *\/\n!function(d,l){\"use strict\";l.querySelector&&d.addEventListener&&\"undefined\"!=typeof URL&&(d.wp=d.wp||{},d.wp.receiveEmbedMessage||(d.wp.receiveEmbedMessage=function(e){var t=e.data;if((t||t.secret||t.message||t.value)&&!\/[^a-zA-Z0-9]\/.test(t.secret)){for(var s,r,n,a=l.querySelectorAll('iframe[data-secret=\"'+t.secret+'\"]'),o=l.querySelectorAll('blockquote[data-secret=\"'+t.secret+'\"]'),c=new RegExp(\"^https?:$\",\"i\"),i=0;i<o.length;i++)o[i].style.display=\"none\";for(i=0;i<a.length;i++)s=a[i],e.source===s.contentWindow&&(s.removeAttribute(\"style\"),\"height\"===t.message?(1e3<(r=parseInt(t.value,10))?r=1e3:~~r<200&&(r=200),s.height=r):\"link\"===t.message&&(r=new URL(s.getAttribute(\"src\")),n=new URL(t.value),c.test(n.protocol))&&n.host===r.host&&l.activeElement===s&&(d.top.location.href=t.value))}},d.addEventListener(\"message\",d.wp.receiveEmbedMessage,!1),l.addEventListener(\"DOMContentLoaded\",function(){for(var e,t,s=l.querySelectorAll(\"iframe.wp-embedded-content\"),r=0;r<s.length;r++)(t=(e=s[r]).getAttribute(\"data-secret\"))||(t=Math.random().toString(36).substring(2,12),e.src+=\"#?secret=\"+t,e.setAttribute(\"data-secret\",t)),e.contentWindow.postMessage({message:\"ready\",secret:t},\"*\")},!1)))}(window,document);\n\/\/# sourceURL=https:\/\/minutosantafe.ar\/%77%70%2d%69%6e%63%6c%75%64%65%73\/js\/wp-embed.min.js\n<\/script>\n","thumbnail_url":"https:\/\/i0.wp.com\/minutosantafe.ar\/wp-content\/uploads\/2020\/09\/macri-triste-y-vidal.png?fit=770%2C440&ssl=1","thumbnail_width":770,"thumbnail_height":440,"description":"El jefe comunal de Pinamar, Mart\u00edn Yeza, cont\u00f3 que mantuvo una reuni\u00f3n al aire libre con Macri, que volvi\u00f3 de Europa hace menos de 14 d\u00edas.\u00a0 Mauricio Macri viol\u00f3 la cuarentena. El ex presidente volvi\u00f3 de Europa el pasado 3 de septiembre y deber\u00eda pasar 14 d\u00edas de aislamiento, seg\u00fan..."}